{"id":1820,"date":"2019-01-14T17:49:59","date_gmt":"2019-01-14T17:49:59","guid":{"rendered":"http:\/\/cde.univr.it\/?page_id=1820"},"modified":"2021-02-26T09:27:50","modified_gmt":"2021-02-26T09:27:50","slug":"colloquium","status":"publish","type":"page","link":"https:\/\/cde.univr.it\/index.php\/progetti\/tilt\/colloquium\/","title":{"rendered":"#TILT Young Academics Colloquium"},"content":{"rendered":"<div class=\"wpb-content-wrapper\"><p>[vc_row][vc_column width=&#8221;1\/4&#8243;][vc_column_text]<img loading=\"lazy\" decoding=\"async\" class=\"wp-image-1602 aligncenter\" src=\"https:\/\/cde.univr.it\/wp-content\/uploads\/logo-uni-tutto.png\" alt=\"\" width=\"338\" height=\"144\" \/>[\/vc_column_text][\/vc_column][vc_column width=&#8221;1\/2&#8243;][vc_column_text]<\/p>\n<p><img loading=\"lazy\" decoding=\"async\" class=\"wp-image-1597 aligncenter\" src=\"https:\/\/cde.univr.it\/wp-content\/uploads\/TILT-Colloquium-logo.png\" alt=\"\" width=\"760\" height=\"122\" srcset=\"https:\/\/cde.univr.it\/wp-content\/uploads\/TILT-Colloquium-logo.png 710w, https:\/\/cde.univr.it\/wp-content\/uploads\/TILT-Colloquium-logo-300x48.png 300w, https:\/\/cde.univr.it\/wp-content\/uploads\/TILT-Colloquium-logo-600x96.png 600w\" sizes=\"auto, (max-width: 760px) 100vw, 760px\" \/>[\/vc_column_text][\/vc_column][vc_column width=&#8221;1\/4&#8243;][vc_column_text]<img loading=\"lazy\" decoding=\"async\" class=\"wp-image-1601 aligncenter\" src=\"https:\/\/cde.univr.it\/wp-content\/uploads\/Logo-TILT_verticale-300x145.jpg\" alt=\"\" width=\"252\" height=\"122\" srcset=\"https:\/\/cde.univr.it\/wp-content\/uploads\/Logo-TILT_verticale-300x145.jpg 300w, https:\/\/cde.univr.it\/wp-content\/uploads\/Logo-TILT_verticale.jpg 493w\" sizes=\"auto, (max-width: 252px) 100vw, 252px\" \/>[\/vc_column_text][\/vc_column][\/vc_row][vc_row][vc_column][vc_column_text]<img loading=\"lazy\" decoding=\"async\" class=\"aligncenter wp-image-2475 \" src=\"https:\/\/cde.univr.it\/wp-content\/uploads\/tilt-logo-mondo.jpg\" alt=\"\" width=\"883\" height=\"497\" srcset=\"https:\/\/cde.univr.it\/wp-content\/uploads\/tilt-logo-mondo.jpg 1280w, https:\/\/cde.univr.it\/wp-content\/uploads\/tilt-logo-mondo-300x169.jpg 300w, https:\/\/cde.univr.it\/wp-content\/uploads\/tilt-logo-mondo-1024x576.jpg 1024w, https:\/\/cde.univr.it\/wp-content\/uploads\/tilt-logo-mondo-768x432.jpg 768w, https:\/\/cde.univr.it\/wp-content\/uploads\/tilt-logo-mondo-600x338.jpg 600w\" sizes=\"auto, (max-width: 883px) 100vw, 883px\" \/>[\/vc_column_text][\/vc_column][\/vc_row][vc_row][vc_column][vc_empty_space height=&#8221;65px&#8221;][vc_empty_space][vc_column_text]<\/p>\n<p style=\"text-align: justify;\">The <strong>#TILT Young Academics Colloquium<\/strong> took place on 23 and 24 May 2019, at the Law Department of the University of Verona. This two-day meeting was dedicated to <strong>trending international and EU law topics<\/strong> and featured parallel sessions, each of which divided into thematic panels.<\/p>\n<p style=\"text-align: justify;\">More specifically, on 23 May, the parallel sessions dealt with <strong>public international law<\/strong> and <strong>private international law<\/strong>. In particular, the first parallel session was further divided into the panels concerning <strong>public<\/strong> <strong>international law<\/strong> and<strong> human rights<\/strong>, <strong>international criminal law<\/strong> and\u00a0<strong>investment law<\/strong>. Meanwhile, the second parallel session comprised two panels, respectively dedicated to <strong>civil and commercial matters<\/strong> and <strong>family matters<\/strong>.<\/p>\n<p style=\"text-align: justify;\">On 24 May, the focus was on<strong> EU Law<\/strong>, which was dealt with in both parallel sessions. In the first one, EU law was addressed in the light of its<strong> general aspects <\/strong>and<strong> policies<\/strong>, and in the second one, in the perspective of the so-called \u201c<strong>new challenges<\/strong>\u201d, namely<strong> migration <\/strong>and<strong> digital society<\/strong>.<\/p>\n<p style=\"text-align: justify;\">The parallel sessions were opened by two <strong>keynote speeches<\/strong>: in the first one, <strong>Professor Fausto Pocar<\/strong> dealt with the role of customary law in international law (particularly criminal), and in the second one <strong>Professor Michael Lehmann<\/strong> addressed the topic of smart contracts and A.I.<\/p>\n<p style=\"text-align: justify;\">The #TILT Colloquium was greatly appreciated by its participants, mainly <strong>young academics<\/strong> selected through the\u00a0<span style=\"color: #c00000;\"><a style=\"color: #c00000;\" href=\"https:\/\/cde.univr.it\/wp-content\/uploads\/TILT_Conference-2019_Call-for-papers_draft_v.-8_logo-filigrana-no-scritta.pdf\">Call for Papers<\/a><\/span>\u00a0&#8220;What&#8217;s Trending in International and EU Law?&#8221; among over a hundred of advanced Ph.D. students, post-doc research fellows and academics at early stages of their career.<\/p>\n<p style=\"text-align: justify;\">The #TILT Colloquium has also proved to be a <strong>fruitful networking opportunity<\/strong>: Ph.D. students and young researchers of different nationalities got to know each other as well as other academics and professionals working in the field of international and EU law. Indeed, as the results of the <span style=\"color: #c00000;\"><a style=\"color: #c00000;\" href=\"https:\/\/cde.univr.it\/wp-content\/uploads\/TILT-Young-Academics-Colloquium_report-evaluation-survey.pdf\">survey<\/a><\/span> disseminated at the end of the Colloquium show, the majority of the participants have positively evaluated the possibility to engage discussions and exchanges with other attendees.<\/p>\n<p>[\/vc_column_text][\/vc_column][\/vc_row][vc_row][vc_column][vc_column_text]<\/p>\n<h4><strong>Background of the Colloquium<br \/><\/strong><\/h4>\n<p style=\"text-align: justify;\">This Colloquium falls within the activities of the research project \u201cTrending International Law Topics \u2013 #TILT\u201d, which is supervised by Maria Caterina Baruffi (Full Professor of International Law, University of Verona) and funded by the <strong>programme \u201cRicerca di base 2015\u201d promoted by the University of Verona<\/strong>. The project is aimed at deepening the investigation and fostering scientific discussion on trending topics in international and EU law, including also their impact on domestic legal systems. A series of seminars featuring prominent foreign academics and other events have already been organised so far, focusing for example on the relationships between the EU and national legal orders, migration, the EU Regulations in family law matters, the free movement of persons and the protection of fundamental rights.<\/p>\n<p style=\"text-align: justify;\">In this context, the Colloquium represents a further activity dedicated to open issues in international and EU law, but specifically addressed to Ph.D. students and young researchers of any nationality and affiliation, who will be the <strong>leading speakers<\/strong> at this event. First, they are expected to present the results of their research, and then, to engage in the debate with the invited international experts acting as chairpersons and discussants. The goal is thus to provide an invaluable opportunity to share and exchange views with renowned academics and legal practitioners, and to network with other researchers in the respective fields of interest.<\/p>\n<p>The poster and the full programme of the Colloquium are available in .pdf format <a href=\"https:\/\/cde.univr.it\/wp-content\/uploads\/TILT-Young-Academics-Colloquium_poster-and-programme.pdf\">here<\/a>.<\/p>\n<p>\u00a0<\/p>\n<h2 style=\"text-align: center;\"><span style=\"color: #c00000;\">Thursday, 23 May 2019<\/span><\/h2>\n<p>[\/vc_column_text][vc_column_text]<\/p>\n<h4 style=\"text-align: center;\"><strong>14.15 &#8211; 15.00 | Keynote speech<br \/><\/strong><\/h4>\n<h4 style=\"text-align: center;\">Prof. Fausto POCAR<\/h4>\n<p>[\/vc_column_text][vc_tta_tabs color=&#8221;juicy-pink&#8221; active_section=&#8221;1&#8243;][vc_tta_section title=&#8221;15.00 &#8211; 18.30 | First parallel session&#8221; tab_id=&#8221;1530608242927-fa8c7441-2ffa&#8221;][vc_column_text]<\/p>\n<h3 style=\"text-align: center;\"><strong>Public international law<\/strong><\/h3>\n<p>\u00a0<\/p>\n<p><strong>Panel #1: Public international law &amp; human rights<\/strong><\/p>\n<p>Chair: Prof. Marco GESTRI (University of Modena and Reggio Emilia)<\/p>\n<ul>\n<li>Chiara GIULIANI (University of Rome La Sapienza), <em>The protection of collective interest in international law. <\/em><em>Towards new trends or still at a stalemate?<\/em><\/li>\n<li>Francesco CAZZINI (University of Milan), <em>Food trade in the WTO framework: the normative value of standards<\/em><\/li>\n<li>Silvia FAVALLI (University of Pavia), <em>Disability<\/em>, <em>Social Media and Human Rights: \u2018What\u2019s the catch?\u2019<\/em><\/li>\n<\/ul>\n<p>Discussion<\/p>\n<p>\u00a0<\/p>\n<p><em>Coffee break<\/em><\/p>\n<p>\u00a0<\/p>\n<p><strong>Panel #2: International criminal law<\/strong><\/p>\n<p>Chair: Prof. Fausto POCAR<\/p>\n<ul>\n<li>Ned\u017ead SMAILAGI\u0106 (University of Poitiers), <em>Diversity of Internationalized Criminal Courts: Consolidation or Fragmentation of International Criminal Justice?<\/em><\/li>\n<li>Giulia LANZA (University of Verona), <em>The International Criminal Court: 21 years have passed, but Italy is still in default<\/em><\/li>\n<\/ul>\n<p>Discussion<\/p>\n<p>\u00a0<\/p>\n<p><strong>Panel #3: Investment law<\/strong><\/p>\n<p>Chair: Prof. Marco TORSELLO (University of Verona)<\/p>\n<ul>\n<li>Dominik MO\u0160KVAN (University of Antwerp), <em>Domestic Courts v. Investment Arbitration: Reclaiming Outsourced Public Justice in the EU (Energy) Investment Disputes<\/em><\/li>\n<li>Nicol\u00f2 NISI (University of Turin) e Stefano SALUZZO (University of Piemonte orientale), <em>Reality and Illusions of Achmea: Ramifications In and Outside the EU for Ascertaining Jurisdiction and Enforcement of Arbitral Awards in Investment Arbitration<\/em><\/li>\n<li>Aliz K\u00c1POSZNY\u00c1K (E\u00f6tv\u00f6s Lor\u00e1nd University), <em>Consequences of the irreconcilable conflict between intra-EU BITs and EU law \u2013 Recognition and enforcement of intra-EU arbitral awards in light of the Achmea decision and the Micula v Romania case<\/em><\/li>\n<\/ul>\n<p>Discussion and planned speeches (Sondra FACCIO, University of Trento)[\/vc_column_text][\/vc_tta_section][vc_tta_section title=&#8221;15.00 &#8211; 18.00 | Second parallel session&#8221; tab_id=&#8221;1530608276552-97b5889b-1bdb&#8221;][vc_column_text]<\/p>\n<h3 style=\"text-align: center;\">Private international law<\/h3>\n<p>\u00a0<\/p>\n<p><strong>Panel #1: Civil and commercial matters<\/strong><\/p>\n<p>Chair: Prof. Francesca RAGNO (University of Verona)<\/p>\n<ul>\n<li>Cedric VANLEENHOVE (University of Ghent), <em>Now trending: #serviceofprocessviasocialmedia<\/em><\/li>\n<li>Caro VAN DEN BROECK (Catholic University of Leuven), <em>The new EU approach to business failure and insolvency: chasing the American dream?<\/em><\/li>\n<li>Felix M. WILKE (University of Bayreuth), <em>Counter-Claims in the Brussels Regime: The \u201cCommon Origin\u201d between Entitlement to Justice and Equality of Arms?<\/em><\/li>\n<li>Lenka V\u00c1LKOV\u00c1 (University of Milan), <em>Choice-of-Court Agreements in the EU and BREXIT: Hague Convention on Choice of Court Agreements as a Solution?<\/em><\/li>\n<\/ul>\n<p>Discussion<\/p>\n<p>\u00a0<\/p>\n<p><em>Coffee break<\/em><\/p>\n<p>\u00a0<\/p>\n<p><strong>Panel #2: Family matters<\/strong><\/p>\n<p>Chair: Prof. Agnieszka FR\u0104CKOWIAK-ADAMSKA (University of Wroclaw)<\/p>\n<ul>\n<li>Francesca MAOLI (University of Genoa), <em>Party autonomy in property relationships of international couples: fostering predictability?<\/em><\/li>\n<li>Ziyana NAZEEMUDEEN (University of Aberdeen), <em>Is it a mere gap jumper? Challenges in upholding the best interests of the child in cross border surrogacy arrangements: A comparative case study<\/em><\/li>\n<li>Vassiliki MARAZOPOULOU (University of Athens), <em>Recognition of adoptions within the EU at a crossroads between European law and national laws: A methodological test of numerous variables<\/em><\/li>\n<li>Irene MARCHIORO (University of Bologna), <em>The free movement of same-sex registered partners in the light of the evolutive interpretation of the Directive 2004\/38\/EC<\/em><\/li>\n<\/ul>\n<p>Discussion and planned speeches (Sara BERNASCONI, University of Milano-Bicocca)[\/vc_column_text][\/vc_tta_section][\/vc_tta_tabs][\/vc_column][\/vc_row][vc_row][vc_column][vc_separator][vc_column_text]<\/p>\n<h2 style=\"text-align: center;\"><span style=\"color: #c00000;\">Friday, 24 May 2019<\/span><\/h2>\n<p>[\/vc_column_text][vc_column_text]<\/p>\n<h4 style=\"text-align: center;\"><strong>9.00 &#8211; 9.45 | Keynote speech<br \/><\/strong><\/h4>\n<h4 style=\"text-align: center;\">Prof. Michael LEHMANN (Max Planck Institute for Innovation and Competition), <em>Smart Contracts and Artificial Intelligence<\/em><\/h4>\n<p>[\/vc_column_text][\/vc_column][\/vc_row][vc_row][vc_column][vc_tta_tabs][vc_tta_section title=&#8221;9.45 &#8211; 13.00 | First parallel session&#8221; tab_id=&#8221;1547486554862-3f13f7f3-bcec&#8221;][vc_column_text]<\/p>\n<h3 style=\"text-align: center;\"><strong>EU law<\/strong><\/h3>\n<p>\u00a0<\/p>\n<p><strong>Panel #1: General aspects<\/strong><\/p>\n<p>Chair: Prof. Ruggiero CAFARI PANICO (University of Milan)<\/p>\n<ul>\n<li>Angela FESTA (University of Salerno), <em>Rule of Law and European Union: the increasing role of Article 7 TEU<\/em><\/li>\n<li>Giovanni ZACCARONI (University of Luxembourg), <em>Equality and non discrimination as fundamental elements of the EU constitutional legal order: the case study of non discrimination on the ground of religion<\/em><\/li>\n<li>Camilla BURELLI (University of Milan), <em>The Infringement Procedure vis-\u00e0-vis the \u201cPopulist Zeitgeist\u201d: perspectives and evolutionary lineages in the last year of Juncker\u2019s presidency<\/em><\/li>\n<\/ul>\n<p>Discussion<\/p>\n<p>\u00a0<\/p>\n<p><em>Coffee break<\/em><\/p>\n<p>\u00a0<\/p>\n<p><strong>Panel #2: Policies<\/strong><\/p>\n<p>Chair: Prof. Caterina FRATEA (University of Verona)<\/p>\n<ul>\n<li>Cristina S\u00c1ENZ P\u00c9REZ (University of Leicester), <em>R.O. v Minister of Justice and Equality: What Future for the European arrest warrant?<\/em><\/li>\n<li>Matteo MANFREDI (Catholic University of Milan), <em>From the austerity measures to the European Pillar of Social Rights: what kind of protection for economic and social rights in the European Union?<\/em><\/li>\n<li>Daniel CARTER (University of Leiden), <em>The European Precariat<\/em><\/li>\n<li>David TILT (Central European University), <em>The historical contextualisation of the (failed) European Unitary Patent<\/em><\/li>\n<\/ul>\n<p>Discussion[\/vc_column_text][\/vc_tta_section][vc_tta_section title=&#8221;9.45 &#8211; 12.30 | Second parallel session&#8221; tab_id=&#8221;1547486554953-dd48c87b-7692&#8243;][vc_column_text]<\/p>\n<h3 style=\"text-align: center;\"><strong>EU law<\/strong><\/h3>\n<p><strong>Panel #1: New challenges &#8211; Migration<br \/><\/strong><\/p>\n<p>Chair: Prof. Carola RICCI (University of Pavia)<\/p>\n<ul>\n<li>Martina DRVENTI\u0106 (Josip Juraj Strossmayer University of Osijek), <em>E<\/em><em>U Mechanisms for the Protection of the Unaccompanied Minors<\/em><\/li>\n<li>Benedetta CHIODAROLI (Catholic University of Milan), <em>Fundamental right to data protection in EU immigration, border control and asylum policies: still looking for a balance<\/em><\/li>\n<li>Daniel GRACIA P\u00c9REZ (University of Valencia), <em>The challenge of integrating \u201cenvironmentally displaced\u201d migrants in European Asylum Law<\/em><\/li>\n<\/ul>\n<p>Discussion<\/p>\n<p>\u00a0<\/p>\n<p><em>Coffee break<\/em><\/p>\n<p>\u00a0<\/p>\n<p><strong>Panel #2: New challenges &#8211; Digital society<br \/><\/strong><\/p>\n<p>Chair: Prof. Michael LEHMANN (Max Planck Institute for Innovation and Competition)<\/p>\n<ul>\n<li>Krzysztof KRZYSTEK (University of \u0141\u00f3d\u017a), T<em>he End of Net Neutrality in the United States \u2013 The Madness of King Trump or the Start of a New Trend?<\/em><\/li>\n<li>Francesco DEANA (University of Udine), <em>Regulating collaborative economy in the EU. Can the EU be collaborative-friendly without sacrificing consumer protection and fair competition?<\/em><\/li>\n<li>Marco INGLESE (University of Parma),<em> Regulating Platform-to-Business (P2B) Relations or How the Commission\u2019s Legislative Agenda Is Shaping the Digital Revolution<\/em><\/li>\n<\/ul>\n<p>Discussion[\/vc_column_text][\/vc_tta_section][\/vc_tta_tabs][\/vc_column][\/vc_row]<\/p>\n\n\n<figure class=\"wp-block-gallery columns-3 is-cropped wp-block-gallery-1 is-layout-flex wp-block-gallery-is-layout-flex\"><ul class=\"blocks-gallery-grid\"><li class=\"blocks-gallery-item\"><figure><img loading=\"lazy\" decoding=\"async\" width=\"1024\" height=\"768\" src=\"https:\/\/cde.univr.it\/wp-content\/uploads\/IMG_0211-1024x768.jpg\" alt=\"\" data-id=\"2183\" data-full-url=\"https:\/\/cde.univr.it\/wp-content\/uploads\/IMG_0211.jpg\" data-link=\"https:\/\/cde.univr.it\/index.php\/progetti\/tilt\/colloquium\/img_0211\/\" class=\"wp-image-2183\" srcset=\"https:\/\/cde.univr.it\/wp-content\/uploads\/IMG_0211-1024x768.jpg 1024w, https:\/\/cde.univr.it\/wp-content\/uploads\/IMG_0211-300x225.jpg 300w, https:\/\/cde.univr.it\/wp-content\/uploads\/IMG_0211-768x576.jpg 768w, https:\/\/cde.univr.it\/wp-content\/uploads\/IMG_0211-600x450.jpg 600w\" sizes=\"auto, (max-width: 1024px) 100vw, 1024px\" \/><\/figure><\/li><li class=\"blocks-gallery-item\"><figure><img loading=\"lazy\" decoding=\"async\" width=\"1024\" height=\"768\" src=\"https:\/\/cde.univr.it\/wp-content\/uploads\/IMG_0213-1024x768.jpg\" alt=\"\" data-id=\"2184\" data-full-url=\"https:\/\/cde.univr.it\/wp-content\/uploads\/IMG_0213.jpg\" data-link=\"https:\/\/cde.univr.it\/index.php\/progetti\/tilt\/colloquium\/img_0213\/\" class=\"wp-image-2184\" srcset=\"https:\/\/cde.univr.it\/wp-content\/uploads\/IMG_0213-1024x768.jpg 1024w, https:\/\/cde.univr.it\/wp-content\/uploads\/IMG_0213-300x225.jpg 300w, https:\/\/cde.univr.it\/wp-content\/uploads\/IMG_0213-768x576.jpg 768w, https:\/\/cde.univr.it\/wp-content\/uploads\/IMG_0213-600x450.jpg 600w\" sizes=\"auto, (max-width: 1024px) 100vw, 1024px\" \/><\/figure><\/li><li class=\"blocks-gallery-item\"><figure><img loading=\"lazy\" decoding=\"async\" width=\"1024\" height=\"768\" src=\"https:\/\/cde.univr.it\/wp-content\/uploads\/IMG_0223-1024x768.jpg\" alt=\"\" data-id=\"2185\" data-full-url=\"https:\/\/cde.univr.it\/wp-content\/uploads\/IMG_0223.jpg\" data-link=\"https:\/\/cde.univr.it\/index.php\/progetti\/tilt\/colloquium\/img_0223\/\" class=\"wp-image-2185\" srcset=\"https:\/\/cde.univr.it\/wp-content\/uploads\/IMG_0223-1024x768.jpg 1024w, https:\/\/cde.univr.it\/wp-content\/uploads\/IMG_0223-300x225.jpg 300w, https:\/\/cde.univr.it\/wp-content\/uploads\/IMG_0223-768x576.jpg 768w, https:\/\/cde.univr.it\/wp-content\/uploads\/IMG_0223-600x450.jpg 600w\" sizes=\"auto, (max-width: 1024px) 100vw, 1024px\" \/><\/figure><\/li><li class=\"blocks-gallery-item\"><figure><img loading=\"lazy\" decoding=\"async\" width=\"1024\" height=\"768\" src=\"https:\/\/cde.univr.it\/wp-content\/uploads\/IMG_0229-1024x768.jpg\" alt=\"\" data-id=\"2186\" data-full-url=\"https:\/\/cde.univr.it\/wp-content\/uploads\/IMG_0229.jpg\" data-link=\"https:\/\/cde.univr.it\/index.php\/progetti\/tilt\/colloquium\/img_0229\/\" class=\"wp-image-2186\" srcset=\"https:\/\/cde.univr.it\/wp-content\/uploads\/IMG_0229-1024x768.jpg 1024w, https:\/\/cde.univr.it\/wp-content\/uploads\/IMG_0229-300x225.jpg 300w, https:\/\/cde.univr.it\/wp-content\/uploads\/IMG_0229-768x576.jpg 768w, https:\/\/cde.univr.it\/wp-content\/uploads\/IMG_0229-600x450.jpg 600w\" sizes=\"auto, (max-width: 1024px) 100vw, 1024px\" \/><\/figure><\/li><li class=\"blocks-gallery-item\"><figure><img loading=\"lazy\" decoding=\"async\" width=\"1024\" height=\"768\" src=\"https:\/\/cde.univr.it\/wp-content\/uploads\/IMG_0238-1024x768.jpg\" alt=\"\" data-id=\"2187\" data-full-url=\"https:\/\/cde.univr.it\/wp-content\/uploads\/IMG_0238.jpg\" data-link=\"https:\/\/cde.univr.it\/index.php\/progetti\/tilt\/colloquium\/img_0238\/\" class=\"wp-image-2187\" srcset=\"https:\/\/cde.univr.it\/wp-content\/uploads\/IMG_0238-1024x768.jpg 1024w, https:\/\/cde.univr.it\/wp-content\/uploads\/IMG_0238-300x225.jpg 300w, https:\/\/cde.univr.it\/wp-content\/uploads\/IMG_0238-768x576.jpg 768w, https:\/\/cde.univr.it\/wp-content\/uploads\/IMG_0238-600x450.jpg 600w\" sizes=\"auto, (max-width: 1024px) 100vw, 1024px\" \/><\/figure><\/li><li class=\"blocks-gallery-item\"><figure><img loading=\"lazy\" decoding=\"async\" width=\"1024\" height=\"768\" src=\"https:\/\/cde.univr.it\/wp-content\/uploads\/IMG_0273-1024x768.jpg\" alt=\"\" data-id=\"2188\" data-full-url=\"https:\/\/cde.univr.it\/wp-content\/uploads\/IMG_0273.jpg\" data-link=\"https:\/\/cde.univr.it\/index.php\/progetti\/tilt\/colloquium\/img_0273\/\" class=\"wp-image-2188\" srcset=\"https:\/\/cde.univr.it\/wp-content\/uploads\/IMG_0273-1024x768.jpg 1024w, https:\/\/cde.univr.it\/wp-content\/uploads\/IMG_0273-300x225.jpg 300w, https:\/\/cde.univr.it\/wp-content\/uploads\/IMG_0273-768x576.jpg 768w, https:\/\/cde.univr.it\/wp-content\/uploads\/IMG_0273-600x450.jpg 600w\" sizes=\"auto, (max-width: 1024px) 100vw, 1024px\" \/><\/figure><\/li><li class=\"blocks-gallery-item\"><figure><img loading=\"lazy\" decoding=\"async\" width=\"1024\" height=\"768\" src=\"https:\/\/cde.univr.it\/wp-content\/uploads\/IMG_0292-1024x768.jpg\" alt=\"\" data-id=\"2189\" data-full-url=\"https:\/\/cde.univr.it\/wp-content\/uploads\/IMG_0292.jpg\" data-link=\"https:\/\/cde.univr.it\/index.php\/progetti\/tilt\/colloquium\/img_0292\/\" class=\"wp-image-2189\" srcset=\"https:\/\/cde.univr.it\/wp-content\/uploads\/IMG_0292-1024x768.jpg 1024w, https:\/\/cde.univr.it\/wp-content\/uploads\/IMG_0292-300x225.jpg 300w, https:\/\/cde.univr.it\/wp-content\/uploads\/IMG_0292-768x576.jpg 768w, https:\/\/cde.univr.it\/wp-content\/uploads\/IMG_0292-600x450.jpg 600w\" sizes=\"auto, (max-width: 1024px) 100vw, 1024px\" \/><\/figure><\/li><li class=\"blocks-gallery-item\"><figure><img loading=\"lazy\" decoding=\"async\" width=\"1024\" height=\"768\" src=\"https:\/\/cde.univr.it\/wp-content\/uploads\/IMG_0303-1024x768.jpg\" alt=\"\" data-id=\"2190\" data-full-url=\"https:\/\/cde.univr.it\/wp-content\/uploads\/IMG_0303.jpg\" data-link=\"https:\/\/cde.univr.it\/index.php\/progetti\/tilt\/colloquium\/img_0303\/\" class=\"wp-image-2190\" srcset=\"https:\/\/cde.univr.it\/wp-content\/uploads\/IMG_0303-1024x768.jpg 1024w, https:\/\/cde.univr.it\/wp-content\/uploads\/IMG_0303-300x225.jpg 300w, https:\/\/cde.univr.it\/wp-content\/uploads\/IMG_0303-768x576.jpg 768w, https:\/\/cde.univr.it\/wp-content\/uploads\/IMG_0303-600x450.jpg 600w\" sizes=\"auto, (max-width: 1024px) 100vw, 1024px\" \/><\/figure><\/li><li class=\"blocks-gallery-item\"><figure><img loading=\"lazy\" decoding=\"async\" width=\"1024\" height=\"768\" src=\"https:\/\/cde.univr.it\/wp-content\/uploads\/IMG_0319-1024x768.jpg\" alt=\"\" data-id=\"2191\" data-full-url=\"https:\/\/cde.univr.it\/wp-content\/uploads\/IMG_0319.jpg\" data-link=\"https:\/\/cde.univr.it\/index.php\/progetti\/tilt\/colloquium\/img_0319\/\" class=\"wp-image-2191\" srcset=\"https:\/\/cde.univr.it\/wp-content\/uploads\/IMG_0319-1024x768.jpg 1024w, https:\/\/cde.univr.it\/wp-content\/uploads\/IMG_0319-300x225.jpg 300w, https:\/\/cde.univr.it\/wp-content\/uploads\/IMG_0319-768x576.jpg 768w, https:\/\/cde.univr.it\/wp-content\/uploads\/IMG_0319-600x450.jpg 600w\" sizes=\"auto, (max-width: 1024px) 100vw, 1024px\" \/><\/figure><\/li><li class=\"blocks-gallery-item\"><figure><img loading=\"lazy\" decoding=\"async\" width=\"1024\" height=\"768\" src=\"https:\/\/cde.univr.it\/wp-content\/uploads\/IMG_0326-1024x768.jpg\" alt=\"\" data-id=\"2192\" data-full-url=\"https:\/\/cde.univr.it\/wp-content\/uploads\/IMG_0326.jpg\" data-link=\"https:\/\/cde.univr.it\/index.php\/progetti\/tilt\/colloquium\/img_0326\/\" class=\"wp-image-2192\" srcset=\"https:\/\/cde.univr.it\/wp-content\/uploads\/IMG_0326-1024x768.jpg 1024w, https:\/\/cde.univr.it\/wp-content\/uploads\/IMG_0326-300x225.jpg 300w, https:\/\/cde.univr.it\/wp-content\/uploads\/IMG_0326-768x576.jpg 768w, https:\/\/cde.univr.it\/wp-content\/uploads\/IMG_0326-600x450.jpg 600w\" sizes=\"auto, (max-width: 1024px) 100vw, 1024px\" \/><\/figure><\/li><li class=\"blocks-gallery-item\"><figure><img loading=\"lazy\" decoding=\"async\" width=\"1024\" height=\"768\" src=\"https:\/\/cde.univr.it\/wp-content\/uploads\/IMG-20190524-WA0034-1024x768.jpg\" alt=\"\" data-id=\"2193\" data-full-url=\"https:\/\/cde.univr.it\/wp-content\/uploads\/IMG-20190524-WA0034.jpg\" data-link=\"https:\/\/cde.univr.it\/index.php\/progetti\/tilt\/colloquium\/img-20190524-wa0034\/\" class=\"wp-image-2193\" srcset=\"https:\/\/cde.univr.it\/wp-content\/uploads\/IMG-20190524-WA0034-1024x768.jpg 1024w, https:\/\/cde.univr.it\/wp-content\/uploads\/IMG-20190524-WA0034-300x225.jpg 300w, https:\/\/cde.univr.it\/wp-content\/uploads\/IMG-20190524-WA0034-768x576.jpg 768w, https:\/\/cde.univr.it\/wp-content\/uploads\/IMG-20190524-WA0034-600x450.jpg 600w, https:\/\/cde.univr.it\/wp-content\/uploads\/IMG-20190524-WA0034.jpg 1600w\" sizes=\"auto, (max-width: 1024px) 100vw, 1024px\" \/><\/figure><\/li><li class=\"blocks-gallery-item\"><figure><img loading=\"lazy\" decoding=\"async\" width=\"1024\" height=\"768\" src=\"https:\/\/cde.univr.it\/wp-content\/uploads\/UNADJUSTEDNONRAW_thumb_22f0-1024x768.jpg\" alt=\"\" data-id=\"2194\" data-full-url=\"https:\/\/cde.univr.it\/wp-content\/uploads\/UNADJUSTEDNONRAW_thumb_22f0.jpg\" data-link=\"https:\/\/cde.univr.it\/index.php\/progetti\/tilt\/colloquium\/unadjustednonraw_thumb_22f0\/\" class=\"wp-image-2194\" srcset=\"https:\/\/cde.univr.it\/wp-content\/uploads\/UNADJUSTEDNONRAW_thumb_22f0.jpg 1024w, https:\/\/cde.univr.it\/wp-content\/uploads\/UNADJUSTEDNONRAW_thumb_22f0-300x225.jpg 300w, https:\/\/cde.univr.it\/wp-content\/uploads\/UNADJUSTEDNONRAW_thumb_22f0-768x576.jpg 768w, https:\/\/cde.univr.it\/wp-content\/uploads\/UNADJUSTEDNONRAW_thumb_22f0-600x450.jpg 600w\" sizes=\"auto, (max-width: 1024px) 100vw, 1024px\" \/><\/figure><\/li><li class=\"blocks-gallery-item\"><figure><img loading=\"lazy\" decoding=\"async\" width=\"1024\" height=\"768\" src=\"https:\/\/cde.univr.it\/wp-content\/uploads\/UNADJUSTEDNONRAW_thumb_22f2-1024x768.jpg\" alt=\"\" data-id=\"2195\" data-full-url=\"https:\/\/cde.univr.it\/wp-content\/uploads\/UNADJUSTEDNONRAW_thumb_22f2.jpg\" data-link=\"https:\/\/cde.univr.it\/index.php\/progetti\/tilt\/colloquium\/unadjustednonraw_thumb_22f2\/\" class=\"wp-image-2195\" srcset=\"https:\/\/cde.univr.it\/wp-content\/uploads\/UNADJUSTEDNONRAW_thumb_22f2.jpg 1024w, https:\/\/cde.univr.it\/wp-content\/uploads\/UNADJUSTEDNONRAW_thumb_22f2-300x225.jpg 300w, https:\/\/cde.univr.it\/wp-content\/uploads\/UNADJUSTEDNONRAW_thumb_22f2-768x576.jpg 768w, https:\/\/cde.univr.it\/wp-content\/uploads\/UNADJUSTEDNONRAW_thumb_22f2-600x450.jpg 600w\" sizes=\"auto, (max-width: 1024px) 100vw, 1024px\" \/><\/figure><\/li><li class=\"blocks-gallery-item\"><figure><img loading=\"lazy\" decoding=\"async\" width=\"1024\" height=\"768\" src=\"https:\/\/cde.univr.it\/wp-content\/uploads\/UNADJUSTEDNONRAW_thumb_230b-1024x768.jpg\" alt=\"\" data-id=\"2196\" data-full-url=\"https:\/\/cde.univr.it\/wp-content\/uploads\/UNADJUSTEDNONRAW_thumb_230b.jpg\" data-link=\"https:\/\/cde.univr.it\/index.php\/progetti\/tilt\/colloquium\/unadjustednonraw_thumb_230b\/\" class=\"wp-image-2196\" srcset=\"https:\/\/cde.univr.it\/wp-content\/uploads\/UNADJUSTEDNONRAW_thumb_230b.jpg 1024w, https:\/\/cde.univr.it\/wp-content\/uploads\/UNADJUSTEDNONRAW_thumb_230b-300x225.jpg 300w, https:\/\/cde.univr.it\/wp-content\/uploads\/UNADJUSTEDNONRAW_thumb_230b-768x576.jpg 768w, https:\/\/cde.univr.it\/wp-content\/uploads\/UNADJUSTEDNONRAW_thumb_230b-600x450.jpg 600w\" sizes=\"auto, (max-width: 1024px) 100vw, 1024px\" \/><\/figure><\/li><li class=\"blocks-gallery-item\"><figure><img loading=\"lazy\" decoding=\"async\" width=\"768\" height=\"1024\" src=\"https:\/\/cde.univr.it\/wp-content\/uploads\/UNADJUSTEDNONRAW_thumb_230d-768x1024.jpg\" alt=\"\" data-id=\"2197\" data-full-url=\"https:\/\/cde.univr.it\/wp-content\/uploads\/UNADJUSTEDNONRAW_thumb_230d.jpg\" data-link=\"https:\/\/cde.univr.it\/index.php\/progetti\/tilt\/colloquium\/unadjustednonraw_thumb_230d\/\" class=\"wp-image-2197\" srcset=\"https:\/\/cde.univr.it\/wp-content\/uploads\/UNADJUSTEDNONRAW_thumb_230d.jpg 768w, https:\/\/cde.univr.it\/wp-content\/uploads\/UNADJUSTEDNONRAW_thumb_230d-225x300.jpg 225w, https:\/\/cde.univr.it\/wp-content\/uploads\/UNADJUSTEDNONRAW_thumb_230d-600x800.jpg 600w\" sizes=\"auto, (max-width: 768px) 100vw, 768px\" \/><\/figure><\/li><li class=\"blocks-gallery-item\"><figure><img loading=\"lazy\" decoding=\"async\" width=\"1024\" height=\"768\" src=\"https:\/\/cde.univr.it\/wp-content\/uploads\/UNADJUSTEDNONRAW_thumb_230e-1024x768.jpg\" alt=\"\" data-id=\"2198\" data-full-url=\"https:\/\/cde.univr.it\/wp-content\/uploads\/UNADJUSTEDNONRAW_thumb_230e.jpg\" data-link=\"https:\/\/cde.univr.it\/index.php\/progetti\/tilt\/colloquium\/unadjustednonraw_thumb_230e\/\" class=\"wp-image-2198\" srcset=\"https:\/\/cde.univr.it\/wp-content\/uploads\/UNADJUSTEDNONRAW_thumb_230e.jpg 1024w, https:\/\/cde.univr.it\/wp-content\/uploads\/UNADJUSTEDNONRAW_thumb_230e-300x225.jpg 300w, https:\/\/cde.univr.it\/wp-content\/uploads\/UNADJUSTEDNONRAW_thumb_230e-768x576.jpg 768w, https:\/\/cde.univr.it\/wp-content\/uploads\/UNADJUSTEDNONRAW_thumb_230e-600x450.jpg 600w\" sizes=\"auto, (max-width: 1024px) 100vw, 1024px\" \/><\/figure><\/li><li class=\"blocks-gallery-item\"><figure><img loading=\"lazy\" decoding=\"async\" width=\"1024\" height=\"768\" src=\"https:\/\/cde.univr.it\/wp-content\/uploads\/UNADJUSTEDNONRAW_thumb_2302-1024x768.jpg\" alt=\"\" data-id=\"2199\" data-full-url=\"https:\/\/cde.univr.it\/wp-content\/uploads\/UNADJUSTEDNONRAW_thumb_2302.jpg\" data-link=\"https:\/\/cde.univr.it\/index.php\/progetti\/tilt\/colloquium\/unadjustednonraw_thumb_2302\/\" class=\"wp-image-2199\" srcset=\"https:\/\/cde.univr.it\/wp-content\/uploads\/UNADJUSTEDNONRAW_thumb_2302.jpg 1024w, https:\/\/cde.univr.it\/wp-content\/uploads\/UNADJUSTEDNONRAW_thumb_2302-300x225.jpg 300w, https:\/\/cde.univr.it\/wp-content\/uploads\/UNADJUSTEDNONRAW_thumb_2302-768x576.jpg 768w, https:\/\/cde.univr.it\/wp-content\/uploads\/UNADJUSTEDNONRAW_thumb_2302-600x450.jpg 600w\" sizes=\"auto, (max-width: 1024px) 100vw, 1024px\" \/><\/figure><\/li><li class=\"blocks-gallery-item\"><figure><img loading=\"lazy\" decoding=\"async\" width=\"1024\" height=\"768\" src=\"https:\/\/cde.univr.it\/wp-content\/uploads\/UNADJUSTEDNONRAW_thumb_2312-1024x768.jpg\" alt=\"\" data-id=\"2200\" data-full-url=\"https:\/\/cde.univr.it\/wp-content\/uploads\/UNADJUSTEDNONRAW_thumb_2312.jpg\" data-link=\"https:\/\/cde.univr.it\/index.php\/progetti\/tilt\/colloquium\/unadjustednonraw_thumb_2312\/\" class=\"wp-image-2200\" srcset=\"https:\/\/cde.univr.it\/wp-content\/uploads\/UNADJUSTEDNONRAW_thumb_2312.jpg 1024w, https:\/\/cde.univr.it\/wp-content\/uploads\/UNADJUSTEDNONRAW_thumb_2312-300x225.jpg 300w, https:\/\/cde.univr.it\/wp-content\/uploads\/UNADJUSTEDNONRAW_thumb_2312-768x576.jpg 768w, https:\/\/cde.univr.it\/wp-content\/uploads\/UNADJUSTEDNONRAW_thumb_2312-600x450.jpg 600w\" sizes=\"auto, (max-width: 1024px) 100vw, 1024px\" \/><\/figure><\/li><\/ul><\/figure>\n<\/div>","protected":false},"excerpt":{"rendered":"<p>[vc_row][vc_column width=&#8221;1\/4&#8243;][vc_column_text][\/vc_column_text][\/vc_column][vc_column width=&#8221;1\/2&#8243;][vc_column_text] [\/vc_column_text][\/vc_column][vc_column width=&#8221;1\/4&#8243;][vc_column_text][\/vc_column_text][\/vc_column][\/vc_row][vc_row][vc_column][vc_column_text][\/vc_column_text][\/vc_column][\/vc_row][vc_row][vc_column][vc_empty_space height=&#8221;65px&#8221;][vc_empty_space][vc_column_text] The #TILT Young Academics Colloquium took place on 23 and 24 May 2019, at the Law Department of the University of Verona. This two-day&hellip;<\/p>\n","protected":false},"author":3,"featured_media":0,"parent":1107,"menu_order":0,"comment_status":"closed","ping_status":"closed","template":"","meta":{"_editorskit_title_hidden":false,"_editorskit_reading_time":0,"_editorskit_is_block_options_detached":false,"_editorskit_block_options_position":"{}","footnotes":""},"class_list":["post-1820","page","type-page","status-publish","hentry"],"_links":{"self":[{"href":"https:\/\/cde.univr.it\/index.php\/wp-json\/wp\/v2\/pages\/1820","targetHints":{"allow":["GET"]}}],"collection":[{"href":"https:\/\/cde.univr.it\/index.php\/wp-json\/wp\/v2\/pages"}],"about":[{"href":"https:\/\/cde.univr.it\/index.php\/wp-json\/wp\/v2\/types\/page"}],"author":[{"embeddable":true,"href":"https:\/\/cde.univr.it\/index.php\/wp-json\/wp\/v2\/users\/3"}],"replies":[{"embeddable":true,"href":"https:\/\/cde.univr.it\/index.php\/wp-json\/wp\/v2\/comments?post=1820"}],"version-history":[{"count":32,"href":"https:\/\/cde.univr.it\/index.php\/wp-json\/wp\/v2\/pages\/1820\/revisions"}],"predecessor-version":[{"id":3077,"href":"https:\/\/cde.univr.it\/index.php\/wp-json\/wp\/v2\/pages\/1820\/revisions\/3077"}],"up":[{"embeddable":true,"href":"https:\/\/cde.univr.it\/index.php\/wp-json\/wp\/v2\/pages\/1107"}],"wp:attachment":[{"href":"https:\/\/cde.univr.it\/index.php\/wp-json\/wp\/v2\/media?parent=1820"}],"curies":[{"name":"wp","href":"https:\/\/api.w.org\/{rel}","templated":true}]}}